{"id":5274,"date":"2025-07-10T15:25:41","date_gmt":"2025-07-10T13:25:41","guid":{"rendered":"https:\/\/www.lavoisier.com\/?page_id=5274"},"modified":"2025-10-17T17:07:00","modified_gmt":"2025-10-17T15:07:00","slug":"congres-2","status":"publish","type":"page","link":"https:\/\/www.lavoisier.com\/fr\/congres-2\/","title":{"rendered":"Pr\u00e9sence sur les congr\u00e8s"},"content":{"rendered":"<p><div class=\"fusion-fullwidth fullwidth-box fusion-builder-row-1 has-pattern-background has-mask-background nonhundred-percent-fullwidth non-hundred-percent-height-scrolling\" style=\"--awb-border-radius-top-left:0px;--awb-border-radius-top-right:0px;--awb-border-radius-bottom-right:0px;--awb-border-radius-bottom-left:0px;--awb-padding-top:20px;--awb-padding-bottom:0px;--awb-flex-wrap:wrap;\" ><div class=\"fusion-builder-row fusion-row\"><div class=\"fusion-layout-column fusion_builder_column fusion-builder-column-0 fusion_builder_column_1_1 1_1 fusion-one-full fusion-column-first fusion-column-last\" style=\"--awb-padding-top:15px;--awb-padding-right:15px;--awb-padding-bottom:15px;--awb-padding-left:15px;--awb-bg-size:cover;--awb-margin-bottom:0px;\"><div class=\"fusion-column-wrapper fusion-column-has-shadow fusion-flex-column-wrapper-legacy\"><div class=\"fusion-title title fusion-title-1 fusion-sep-none fusion-title-text fusion-title-size-one\" style=\"--awb-margin-bottom:0px;\"><h1 class=\"fusion-title-heading title-heading-left\" style=\"margin:0;\"><strong>Notre pr\u00e9sence sur les congr\u00e8s<\/strong><\/h1><\/div><div class=\"fusion-sep-clear\"><\/div><div class=\"fusion-separator fusion-full-width-sep\" style=\"margin-left: auto;margin-right: auto;margin-top:40px;width:100%;\"><\/div><div class=\"fusion-sep-clear\"><\/div><div class=\"fusion-text fusion-text-1\"><p>Nos \u00e9quipes participent tout au long de l\u2019ann\u00e9e \u00e0 des \u00e9v\u00e9nements professionnels pour rencontrer des candidats, des demandeurs d\u2019emploi, nos clients, fournisseurs et partenaires. Ces rencontres sont l\u2019opportunit\u00e9 de d\u00e9velopper nos relations avec nos partenaires, d\u2019initier de nouveaux projets mais \u00e9galement de d\u00e9velopper notre marque employeur.<\/p>\n<p>Vous souhaitez nous rencontrer lors de l&rsquo;un de ces \u00e9v\u00e9nements ou nous proposer de participer \u00e0 un \u00e9v\u00e9nement ? Veuillez s&rsquo;il vous pla\u00eet <a href=\"https:\/\/www.lavoisier.com\/fr\/contact\/\">nous contacter<\/a>.<\/p>\n<\/div><div class=\"fusion-clearfix\"><\/div><\/div><\/div><\/div><\/div><div class=\"fusion-fullwidth fullwidth-box fusion-builder-row-2 nonhundred-percent-fullwidth non-hundred-percent-height-scrolling\" style=\"--awb-border-radius-top-left:0px;--awb-border-radius-top-right:0px;--awb-border-radius-bottom-right:0px;--awb-border-radius-bottom-left:0px;--awb-padding-top:20px;--awb-padding-bottom:20px;--awb-flex-wrap:wrap;\" ><div class=\"fusion-builder-row fusion-row\"><div class=\"fusion-layout-column fusion_builder_column fusion-builder-column-1 fusion_builder_column_1_1 1_1 fusion-one-full fusion-column-first fusion-column-last\" style=\"--awb-padding-top:15px;--awb-padding-right:15px;--awb-padding-bottom:15px;--awb-padding-left:15px;--awb-bg-size:cover;--awb-margin-bottom:0px;\"><div class=\"fusion-column-wrapper fusion-column-has-shadow fusion-flex-column-wrapper-legacy\"><div class=\"fusion-title title fusion-title-2 fusion-sep-none fusion-title-text fusion-title-size-two\" style=\"--awb-margin-bottom:0px;\"><h2 class=\"fusion-title-heading title-heading-left\" style=\"margin:0;\"><strong>\u00c9v\u00e9nements \u00e0 venir<\/strong><\/h2><\/div><div class=\"fusion-sep-clear\"><\/div><div class=\"fusion-separator fusion-full-width-sep\" style=\"margin-left: auto;margin-right: auto;margin-top:40px;width:100%;\"><\/div><div class=\"fusion-sep-clear\"><\/div>\n<div class=\"table-1\">\n<table width=\"100%\">\n<thead>\n<tr>\n<th align=\"left\">\u00c9v\u00e9nement<\/th>\n<th align=\"left\">Date<\/th>\n<th align=\"left\">Lieu<\/th>\n<th align=\"left\">Participants<\/th>\n<\/tr>\n<\/thead>\n<tbody>\n<tr>\n<td align=\"left\">Les Voisins Achats<\/td>\n<td align=\"left\">03\/12\/2025<\/td>\n<td align=\"left\">La Chauss\u00e9e Saint Victor (France)<\/td>\n<td align=\"left\">Achats<\/td>\n<\/tr>\n<tr>\n<td align=\"left\">A3P Congr\u00e8s BFS<\/td>\n<td align=\"left\">24-25\/11\/2025<\/td>\n<td align=\"left\">Lyon (France)<\/td>\n<td align=\"left\">Direction production<\/td>\n<\/tr>\n<tr>\n<td align=\"left\">CPHI 2025<\/td>\n<td align=\"left\">28-30\/10\/2025<\/td>\n<td align=\"left\">Francfort (Allemagne)<\/td>\n<td align=\"left\">\u00c9quipe commerciale et direction (Stand Hall 5.1 A104d)<\/td>\n<\/tr>\n<\/tbody>\n<\/table>\n<\/div>\n<div class=\"fusion-clearfix\"><\/div><\/div><\/div><\/div><\/div><div class=\"fusion-fullwidth fullwidth-box fusion-builder-row-3 nonhundred-percent-fullwidth non-hundred-percent-height-scrolling\" style=\"--awb-border-radius-top-left:0px;--awb-border-radius-top-right:0px;--awb-border-radius-bottom-right:0px;--awb-border-radius-bottom-left:0px;--awb-padding-top:20px;--awb-padding-bottom:20px;--awb-flex-wrap:wrap;\" ><div class=\"fusion-builder-row fusion-row\"><div class=\"fusion-layout-column fusion_builder_column fusion-builder-column-2 fusion_builder_column_1_1 1_1 fusion-one-full fusion-column-first fusion-column-last\" style=\"--awb-padding-top:15px;--awb-padding-right:15px;--awb-padding-bottom:15px;--awb-padding-left:15px;--awb-bg-size:cover;--awb-margin-bottom:0px;\"><div class=\"fusion-column-wrapper fusion-column-has-shadow fusion-flex-column-wrapper-legacy\"><div class=\"fusion-title title fusion-title-3 fusion-sep-none fusion-title-text fusion-title-size-two\" style=\"--awb-margin-bottom:0px;\"><h2 class=\"fusion-title-heading title-heading-left\" style=\"margin:0;\"><strong>\u00c9v\u00e9nements pass\u00e9s<\/strong><\/h2><\/div><div class=\"fusion-sep-clear\"><\/div><div class=\"fusion-separator fusion-full-width-sep\" style=\"margin-left: auto;margin-right: auto;margin-top:40px;width:100%;\"><\/div><div class=\"fusion-sep-clear\"><\/div>\n<div class=\"table-1\">\n<table width=\"100%\">\n<thead>\n<tr>\n<th align=\"left\">\u00c9v\u00e9nement<\/th>\n<th align=\"left\">Date<\/th>\n<th align=\"left\">Lieu<\/th>\n<th align=\"left\">Participants<\/th>\n<\/tr>\n<\/thead>\n<tbody>\n<tr>\n<td align=\"left\">A3P<\/td>\n<td align=\"left\">07\/10 au 09\/10\/2025<\/td>\n<td align=\"left\">Biarritz (France)<\/td>\n<td align=\"left\">Direction AQ\/PR &#8211; Direction CQ &#8211; Excellence Op\u00e9rationnelle<\/td>\n<\/tr>\n<tr>\n<td align=\"left\">Grepic OPEX<\/td>\n<td align=\"left\">10\/10\/205<\/td>\n<td align=\"left\">CDM Lavoisier &#8211; La Chauss\u00e9e Saint Victor (France)<\/td>\n<td align=\"left\">Excellence Op\u00e9rationnelle<\/td>\n<\/tr>\n<tr>\n<td align=\"left\">Semaine de l&rsquo;industrie pharmaceutique<\/td>\n<td align=\"left\">06\/10 au 10\/10\/2025<\/td>\n<td align=\"left\">CDM Lavoisier &#8211; La Chauss\u00e9e Saint Victor (France)<\/td>\n<td align=\"left\">Ressources Humaines<\/td>\n<\/tr>\n<tr>\n<td align=\"left\">Grepic Production<\/td>\n<td align=\"left\">03\/10\/2025<\/td>\n<td align=\"left\">Ethypharm &#8211; Ch\u00e2teauneuf en Thymerais (France)<\/td>\n<td align=\"left\">Production<\/td>\n<\/tr>\n<tr>\n<td align=\"left\">Forum emploi<\/td>\n<td align=\"left\">18\/09\/2025<\/td>\n<td align=\"left\">La Chauss\u00e9e Saint Victor (France)<\/td>\n<td align=\"left\">Ressources Humaines\/Production<\/td>\n<\/tr>\n<tr>\n<td align=\"left\">Ateliers de r\u00e9flexion sur le plan directeur du GREPIC<\/td>\n<td align=\"left\">Avril \u00e0 Juin 2025<\/td>\n<td align=\"left\">Tours (France)<\/td>\n<td align=\"left\">Direction industrielle<\/td>\n<\/tr>\n<tr>\n<td align=\"left\">Information collective<\/td>\n<td align=\"left\">24\/06\/2025<\/td>\n<td align=\"left\">Blois (France)<\/td>\n<td align=\"left\">Ressources Humaines<\/td>\n<\/tr>\n<tr>\n<td align=\"left\">Symposium Biom\u00e9rieux<\/td>\n<td align=\"left\">19\/06\/2025<\/td>\n<td align=\"left\">Lyon (France)<\/td>\n<td align=\"left\">Qualit\u00e9<\/td>\n<\/tr>\n<tr>\n<td align=\"left\">Jobdating &#8211; Sanofi<\/td>\n<td align=\"left\">12\/06\/2025<\/td>\n<td align=\"left\">En ligne<\/td>\n<td align=\"left\">Ressources Humaines<\/td>\n<\/tr>\n<tr>\n<td align=\"left\">Grepic Achats<\/td>\n<td align=\"left\">12\/06\/2025<\/td>\n<td align=\"left\">Tours (France)<\/td>\n<td align=\"left\">Achats<\/td>\n<\/tr>\n<tr>\n<td align=\"left\">Grepic OPEX<\/td>\n<td align=\"left\">16\/06\/2025<\/td>\n<td align=\"left\">Semoy (France)<\/td>\n<td align=\"left\">Excellence Op\u00e9rationnelle<\/td>\n<\/tr>\n<tr>\n<td align=\"left\">Grepic Production<\/td>\n<td align=\"left\">07\/06\/2025<\/td>\n<td align=\"left\">Amboise (France)<\/td>\n<td align=\"left\">Production<\/td>\n<\/tr>\n<tr>\n<td align=\"left\">Les Voisins Achats<\/td>\n<td align=\"left\">20\/05\/2025<\/td>\n<td align=\"left\">La Chauss\u00e9e Saint Victor (France)<\/td>\n<td align=\"left\">Achats<\/td>\n<\/tr>\n<tr>\n<td align=\"left\">Grepic Qualit\u00e9<\/td>\n<td align=\"left\">16\/05\/2025<\/td>\n<td align=\"left\">Monts (France)<\/td>\n<td align=\"left\">Qualit\u00e9<\/td>\n<\/tr>\n<tr>\n<td align=\"left\">Jobdating &#8211; Adecco<\/td>\n<td align=\"left\">15\/05\/2025<\/td>\n<td align=\"left\">Blois (France)<\/td>\n<td align=\"left\">Ressources Humaines<\/td>\n<\/tr>\n<tr>\n<td align=\"left\">Grepic Achats<\/td>\n<td align=\"left\">20\/03\/2025<\/td>\n<td align=\"left\">La Chauss\u00e9e Saint Victor (France)<\/td>\n<td align=\"left\">Achats<\/td>\n<\/tr>\n<tr>\n<td align=\"left\">Grepic Maintenance<\/td>\n<td align=\"left\">12\/03\/2025<\/td>\n<td align=\"left\">Saint-Maur des Foss\u00e9s (France)<\/td>\n<td align=\"left\">Maintenance<\/td>\n<\/tr>\n<tr>\n<td align=\"left\">Grepic Production<\/td>\n<td align=\"left\">07\/03\/2025<\/td>\n<td align=\"left\">Gidy (France)<\/td>\n<td align=\"left\">Production<\/td>\n<\/tr>\n<tr>\n<td align=\"left\">Grepic OPEX<\/td>\n<td align=\"left\">26\/02\/2025<\/td>\n<td align=\"left\">Gidy (France)<\/td>\n<td align=\"left\">Excellence Op\u00e9rationnelle<\/td>\n<\/tr>\n<tr>\n<td align=\"left\">Pr\u00e9sentation de l&rsquo;entreprise &#8211; INSA<\/td>\n<td align=\"left\">06\/11\/2024<\/td>\n<td align=\"left\">Blois (France)<\/td>\n<td align=\"left\">Ressources Humaines et technique<\/td>\n<\/tr>\n<tr>\n<td align=\"left\">All4Pack 2024<\/td>\n<td align=\"left\">04-07\/11\/2024<\/td>\n<td align=\"left\">Paris (France)<\/td>\n<td align=\"left\">Direction<\/td>\n<\/tr>\n<tr>\n<td align=\"left\">Pr\u00e9sentation de l&rsquo;entreprise &#8211; Polytech<\/td>\n<td align=\"left\">17\/10\/2024<\/td>\n<td align=\"left\">Chartres (France)<\/td>\n<td align=\"left\">Ressources Humaines et technique<\/td>\n<\/tr>\n<tr>\n<td align=\"left\">Jobdating &#8211; IMT Tours<\/td>\n<td align=\"left\">10\/10\/2024<\/td>\n<td align=\"left\">Tours (France)<\/td>\n<td align=\"left\">Ressources Humaines<\/td>\n<\/tr>\n<tr>\n<td align=\"left\">Semaine de l&rsquo;industrie pharmaceutique<\/td>\n<td align=\"left\">10\/10\/2024<\/td>\n<td align=\"left\">Facult\u00e9 de pharmacie &#8211; Tours (France)<\/td>\n<td align=\"left\">Ressources Humaines et Affaires R\u00e8glementaires<\/td>\n<\/tr>\n<tr>\n<td align=\"left\">CPHI 2024<\/td>\n<td align=\"left\">08-10\/10\/2024<\/td>\n<td align=\"left\">Milan (Italie)<\/td>\n<td align=\"left\">\u00c9quipe commerciale et direction<\/td>\n<\/tr>\n<tr>\n<td align=\"left\">Grepic Achats<\/td>\n<td align=\"left\">25\/09\/2024<\/td>\n<td align=\"left\">Chouzy sur Cisse (France)<\/td>\n<td align=\"left\">Achats<\/td>\n<\/tr>\n<tr>\n<td align=\"left\">BFS IOA<\/td>\n<td align=\"left\">10-12\/09\/2024<\/td>\n<td align=\"left\">Alsace (France)<\/td>\n<td align=\"left\">Maintenance \/ Fabrication<\/td>\n<\/tr>\n<tr>\n<td align=\"left\">Stade vers l&#8217;emploi organis\u00e9 par France Travail<\/td>\n<td align=\"left\">18\/06\/2024<\/td>\n<td align=\"left\">Blois (France)<\/td>\n<td align=\"left\">Ressources Humaines<\/td>\n<\/tr>\n<tr>\n<td align=\"left\">Grepic Achats<\/td>\n<td align=\"left\">29\/05\/2024<\/td>\n<td align=\"left\">Amboise (France)<\/td>\n<td align=\"left\">Achats<\/td>\n<\/tr>\n<tr>\n<td align=\"left\">Jobdating &#8211; Adecco<\/td>\n<td align=\"left\">16\/05\/2024<\/td>\n<td align=\"left\">Blois (France)<\/td>\n<td align=\"left\">Ressources Humaines<\/td>\n<\/tr>\n<tr>\n<td align=\"left\">Forum emploi &#8211; Carroir<\/td>\n<td align=\"left\">26\/03\/2024<\/td>\n<td align=\"left\">Blois (France)<\/td>\n<td align=\"left\">Ressources Humaines<\/td>\n<\/tr>\n<tr>\n<td align=\"left\">Jobdating &#8211; IMT Tours<\/td>\n<td align=\"left\">24\/02\/2024<\/td>\n<td align=\"left\">Tours (France)<\/td>\n<td align=\"left\">Ressources Humaines<\/td>\n<\/tr>\n<tr>\n<td align=\"left\">Grepic Achats<\/td>\n<td align=\"left\">21\/02\/2024<\/td>\n<td align=\"left\">Orl\u00e9ans (France)<\/td>\n<td align=\"left\">Achats<\/td>\n<\/tr>\n<tr>\n<td align=\"left\">Pharmapack 2024<\/td>\n<td align=\"left\">24-25\/01\/2024<\/td>\n<td align=\"left\">Paris (France)<\/td>\n<td align=\"left\">\u00c9quipe achats et direction<\/td>\n<\/tr>\n<\/tbody>\n<\/table>\n<\/div>\n<div class=\"fusion-clearfix\"><\/div><\/div><\/div><\/div><\/div><\/p>\n","protected":false},"excerpt":{"rendered":"","protected":false},"author":3,"featured_media":0,"parent":0,"menu_order":0,"comment_status":"closed","ping_status":"closed","template":"","meta":{"content-type":"","footnotes":""},"class_list":["post-5274","page","type-page","status-publish","hentry"],"yoast_head":"<!-- This site is optimized with the Yoast SEO plugin v27.3 - https:\/\/yoast.com\/product\/yoast-seo-wordpress\/ -->\n<title>Congr\u00e8s et \u00e9v\u00e9nement professionnels - CDM Lavoisier<\/title>\n<meta name=\"description\" content=\"Cette page liste tous les \u00e9v\u00e9nements sur lesquels les \u00e9quipes de CDM Lavoisier seront pr\u00e9sentes.\" \/>\n<meta name=\"robots\" content=\"index, follow, max-snippet:-1, max-image-preview:large, max-video-preview:-1\" \/>\n<link rel=\"canonical\" href=\"https:\/\/www.lavoisier.com\/fr\/congres-2\/\" \/>\n<meta property=\"og:locale\" content=\"fr_FR\" \/>\n<meta property=\"og:type\" content=\"article\" \/>\n<meta property=\"og:title\" content=\"Congr\u00e8s et \u00e9v\u00e9nement professionnels - CDM Lavoisier\" \/>\n<meta property=\"og:description\" content=\"Cette page liste tous les \u00e9v\u00e9nements sur lesquels les \u00e9quipes de CDM Lavoisier seront pr\u00e9sentes.\" \/>\n<meta property=\"og:url\" content=\"https:\/\/www.lavoisier.com\/fr\/congres-2\/\" \/>\n<meta property=\"og:site_name\" content=\"LAVOISIER\" \/>\n<meta property=\"article:modified_time\" content=\"2025-10-17T15:07:00+00:00\" \/>\n<meta name=\"twitter:card\" content=\"summary_large_image\" \/>\n<meta name=\"twitter:label1\" content=\"Dur\u00e9e de lecture estim\u00e9e\" \/>\n\t<meta name=\"twitter:data1\" content=\"3 minutes\" \/>\n<script type=\"application\/ld+json\" class=\"yoast-schema-graph\">{\"@context\":\"https:\\\/\\\/schema.org\",\"@graph\":[{\"@type\":\"WebPage\",\"@id\":\"https:\\\/\\\/www.lavoisier.com\\\/fr\\\/congres-2\\\/\",\"url\":\"https:\\\/\\\/www.lavoisier.com\\\/fr\\\/congres-2\\\/\",\"name\":\"Congr\u00e8s et \u00e9v\u00e9nement professionnels - CDM Lavoisier\",\"isPartOf\":{\"@id\":\"https:\\\/\\\/www.lavoisier.com\\\/fr\\\/#website\"},\"datePublished\":\"2025-07-10T13:25:41+00:00\",\"dateModified\":\"2025-10-17T15:07:00+00:00\",\"description\":\"Cette page liste tous les \u00e9v\u00e9nements sur lesquels les \u00e9quipes de CDM Lavoisier seront pr\u00e9sentes.\",\"breadcrumb\":{\"@id\":\"https:\\\/\\\/www.lavoisier.com\\\/fr\\\/congres-2\\\/#breadcrumb\"},\"inLanguage\":\"fr-FR\",\"potentialAction\":[{\"@type\":\"ReadAction\",\"target\":[\"https:\\\/\\\/www.lavoisier.com\\\/fr\\\/congres-2\\\/\"]}]},{\"@type\":\"BreadcrumbList\",\"@id\":\"https:\\\/\\\/www.lavoisier.com\\\/fr\\\/congres-2\\\/#breadcrumb\",\"itemListElement\":[{\"@type\":\"ListItem\",\"position\":1,\"name\":\"Accueil\",\"item\":\"https:\\\/\\\/www.lavoisier.com\\\/fr\\\/\"},{\"@type\":\"ListItem\",\"position\":2,\"name\":\"Pr\u00e9sence sur les congr\u00e8s\"}]},{\"@type\":\"WebSite\",\"@id\":\"https:\\\/\\\/www.lavoisier.com\\\/fr\\\/#website\",\"url\":\"https:\\\/\\\/www.lavoisier.com\\\/fr\\\/\",\"name\":\"LAVOISIER\",\"description\":\"\",\"publisher\":{\"@id\":\"https:\\\/\\\/www.lavoisier.com\\\/fr\\\/#organization\"},\"potentialAction\":[{\"@type\":\"SearchAction\",\"target\":{\"@type\":\"EntryPoint\",\"urlTemplate\":\"https:\\\/\\\/www.lavoisier.com\\\/fr\\\/?s={search_term_string}\"},\"query-input\":{\"@type\":\"PropertyValueSpecification\",\"valueRequired\":true,\"valueName\":\"search_term_string\"}}],\"inLanguage\":\"fr-FR\"},{\"@type\":\"Organization\",\"@id\":\"https:\\\/\\\/www.lavoisier.com\\\/fr\\\/#organization\",\"name\":\"CDM Lavoisier\",\"url\":\"https:\\\/\\\/www.lavoisier.com\\\/fr\\\/\",\"logo\":{\"@type\":\"ImageObject\",\"inLanguage\":\"fr-FR\",\"@id\":\"https:\\\/\\\/www.lavoisier.com\\\/fr\\\/#\\\/schema\\\/logo\\\/image\\\/\",\"url\":\"https:\\\/\\\/www.lavoisier.com\\\/wp-content\\\/uploads\\\/2017\\\/06\\\/Lavoisier-logo-05.jpg\",\"contentUrl\":\"https:\\\/\\\/www.lavoisier.com\\\/wp-content\\\/uploads\\\/2017\\\/06\\\/Lavoisier-logo-05.jpg\",\"width\":220,\"height\":52,\"caption\":\"CDM Lavoisier\"},\"image\":{\"@id\":\"https:\\\/\\\/www.lavoisier.com\\\/fr\\\/#\\\/schema\\\/logo\\\/image\\\/\"},\"sameAs\":[\"https:\\\/\\\/fr.linkedin.com\\\/company\\\/cdm-lavoisier\"]}]}<\/script>\n<!-- \/ Yoast SEO plugin. -->","yoast_head_json":{"title":"Congr\u00e8s et \u00e9v\u00e9nement professionnels - CDM Lavoisier","description":"Cette page liste tous les \u00e9v\u00e9nements sur lesquels les \u00e9quipes de CDM Lavoisier seront pr\u00e9sentes.","robots":{"index":"index","follow":"follow","max-snippet":"max-snippet:-1","max-image-preview":"max-image-preview:large","max-video-preview":"max-video-preview:-1"},"canonical":"https:\/\/www.lavoisier.com\/fr\/congres-2\/","og_locale":"fr_FR","og_type":"article","og_title":"Congr\u00e8s et \u00e9v\u00e9nement professionnels - CDM Lavoisier","og_description":"Cette page liste tous les \u00e9v\u00e9nements sur lesquels les \u00e9quipes de CDM Lavoisier seront pr\u00e9sentes.","og_url":"https:\/\/www.lavoisier.com\/fr\/congres-2\/","og_site_name":"LAVOISIER","article_modified_time":"2025-10-17T15:07:00+00:00","twitter_card":"summary_large_image","twitter_misc":{"Dur\u00e9e de lecture estim\u00e9e":"3 minutes"},"schema":{"@context":"https:\/\/schema.org","@graph":[{"@type":"WebPage","@id":"https:\/\/www.lavoisier.com\/fr\/congres-2\/","url":"https:\/\/www.lavoisier.com\/fr\/congres-2\/","name":"Congr\u00e8s et \u00e9v\u00e9nement professionnels - CDM Lavoisier","isPartOf":{"@id":"https:\/\/www.lavoisier.com\/fr\/#website"},"datePublished":"2025-07-10T13:25:41+00:00","dateModified":"2025-10-17T15:07:00+00:00","description":"Cette page liste tous les \u00e9v\u00e9nements sur lesquels les \u00e9quipes de CDM Lavoisier seront pr\u00e9sentes.","breadcrumb":{"@id":"https:\/\/www.lavoisier.com\/fr\/congres-2\/#breadcrumb"},"inLanguage":"fr-FR","potentialAction":[{"@type":"ReadAction","target":["https:\/\/www.lavoisier.com\/fr\/congres-2\/"]}]},{"@type":"BreadcrumbList","@id":"https:\/\/www.lavoisier.com\/fr\/congres-2\/#breadcrumb","itemListElement":[{"@type":"ListItem","position":1,"name":"Accueil","item":"https:\/\/www.lavoisier.com\/fr\/"},{"@type":"ListItem","position":2,"name":"Pr\u00e9sence sur les congr\u00e8s"}]},{"@type":"WebSite","@id":"https:\/\/www.lavoisier.com\/fr\/#website","url":"https:\/\/www.lavoisier.com\/fr\/","name":"LAVOISIER","description":"","publisher":{"@id":"https:\/\/www.lavoisier.com\/fr\/#organization"},"potentialAction":[{"@type":"SearchAction","target":{"@type":"EntryPoint","urlTemplate":"https:\/\/www.lavoisier.com\/fr\/?s={search_term_string}"},"query-input":{"@type":"PropertyValueSpecification","valueRequired":true,"valueName":"search_term_string"}}],"inLanguage":"fr-FR"},{"@type":"Organization","@id":"https:\/\/www.lavoisier.com\/fr\/#organization","name":"CDM Lavoisier","url":"https:\/\/www.lavoisier.com\/fr\/","logo":{"@type":"ImageObject","inLanguage":"fr-FR","@id":"https:\/\/www.lavoisier.com\/fr\/#\/schema\/logo\/image\/","url":"https:\/\/www.lavoisier.com\/wp-content\/uploads\/2017\/06\/Lavoisier-logo-05.jpg","contentUrl":"https:\/\/www.lavoisier.com\/wp-content\/uploads\/2017\/06\/Lavoisier-logo-05.jpg","width":220,"height":52,"caption":"CDM Lavoisier"},"image":{"@id":"https:\/\/www.lavoisier.com\/fr\/#\/schema\/logo\/image\/"},"sameAs":["https:\/\/fr.linkedin.com\/company\/cdm-lavoisier"]}]}},"_links":{"self":[{"href":"https:\/\/www.lavoisier.com\/fr\/wp-json\/wp\/v2\/pages\/5274","targetHints":{"allow":["GET"]}}],"collection":[{"href":"https:\/\/www.lavoisier.com\/fr\/wp-json\/wp\/v2\/pages"}],"about":[{"href":"https:\/\/www.lavoisier.com\/fr\/wp-json\/wp\/v2\/types\/page"}],"author":[{"embeddable":true,"href":"https:\/\/www.lavoisier.com\/fr\/wp-json\/wp\/v2\/users\/3"}],"replies":[{"embeddable":true,"href":"https:\/\/www.lavoisier.com\/fr\/wp-json\/wp\/v2\/comments?post=5274"}],"version-history":[{"count":24,"href":"https:\/\/www.lavoisier.com\/fr\/wp-json\/wp\/v2\/pages\/5274\/revisions"}],"predecessor-version":[{"id":5663,"href":"https:\/\/www.lavoisier.com\/fr\/wp-json\/wp\/v2\/pages\/5274\/revisions\/5663"}],"wp:attachment":[{"href":"https:\/\/www.lavoisier.com\/fr\/wp-json\/wp\/v2\/media?parent=5274"}],"curies":[{"name":"wp","href":"https:\/\/api.w.org\/{rel}","templated":true}]}}